{"id":967,"date":"2025-09-01T11:01:10","date_gmt":"2025-09-01T11:01:10","guid":{"rendered":"https:\/\/skiresidence.it\/?page_id=967"},"modified":"2025-09-03T11:04:40","modified_gmt":"2025-09-03T09:04:40","slug":"privacy-policy","status":"publish","type":"page","link":"https:\/\/skiresidence.it\/cs\/zasady-ochrany-osobnich-udaju\/","title":{"rendered":"Z\u00e1sady ochrany osobn\u00edch \u00fadaj\u016f"},"content":{"rendered":"<div data-elementor-type=\"wp-page\" data-elementor-id=\"967\" class=\"elementor elementor-967\" data-elementor-post-type=\"page\">\n\t\t\t\t<div class=\"elementor-element elementor-element-668b3409 e-flex e-con-boxed e-con e-parent\" data-id=\"668b3409\" data-element_type=\"container\" data-e-type=\"container\">\n\t\t\t\t\t<div class=\"e-con-inner\">\n\t\t\t\t<div class=\"elementor-element elementor-element-42ea2bc elementor-widget elementor-widget-text-editor\" data-id=\"42ea2bc\" data-element_type=\"widget\" data-e-type=\"widget\" data-widget_type=\"text-editor.default\">\n\t\t\t\t\t\t\t\t\t\n<p><!--googleoff: all-->\n<p><strong>Informace o zpracov\u00e1n\u00ed osobn\u00edch \u00fadaj\u016f shrom\u00e1\u017ed\u011bn\u00fdch prost\u0159ednictv\u00edm t\u011bchto webov\u00fdch str\u00e1nek<\/strong><br> <span class=\"map_last_policy_revision_date\">Posledn\u00ed revize: 01\/09\/2025<\/span><\/p>\n\n\n\n<p><strong>1. \u00davod a pr\u00e1vn\u00ed odkazy<\/strong><br> Toto ozn\u00e1men\u00ed vysv\u011btluje zpracov\u00e1n\u00ed osobn\u00edch \u00fadaj\u016f shroma\u017e\u010fovan\u00fdch prost\u0159ednictv\u00edm tohoto webu, v\u010detn\u011b \u00fadaj\u016f z\u00edskan\u00fdch prost\u0159ednictv\u00edm cookies, sledovac\u00edch technologi\u00ed a - pokud jsou k dispozici - kontaktn\u00edch formul\u00e1\u0159\u016f, sekc\u00ed s omezen\u00fdm p\u0159\u00edstupem, digit\u00e1ln\u00edch slu\u017eeb a ekonomick\u00fdch transakc\u00ed prov\u00e1d\u011bn\u00fdch elektronicky.<br> Toto ozn\u00e1men\u00ed je ur\u010deno v\u0161em, kte\u0159\u00ed na tento web p\u0159istupuj\u00ed nebo jej pou\u017e\u00edvaj\u00ed, a popisuje, jak jsou osobn\u00ed \u00fadaje u\u017eivatel\u016f shroma\u017e\u010fov\u00e1ny, pou\u017e\u00edv\u00e1ny a chr\u00e1n\u011bny, stejn\u011b jako jak\u00e1 pr\u00e1va jsou p\u0159izn\u00e1na z\u00e1konem.<br> Tato ustanoven\u00ed se nevztahuj\u00ed na jin\u00e9 webov\u00e9 str\u00e1nky, str\u00e1nky nebo online slu\u017eby dostupn\u00e9 prost\u0159ednictv\u00edm extern\u00edch odkaz\u016f, kter\u00e9 mohou b\u00fdt na webu uvedeny; v takov\u00e9m p\u0159\u00edpad\u011b se pros\u00edm seznamte s p\u0159\u00edslu\u0161n\u00fdmi ozn\u00e1men\u00edmi o ochran\u011b osobn\u00edch \u00fadaj\u016f t\u011bchto t\u0159et\u00edch stran.<br> Toto ozn\u00e1men\u00ed je poskytov\u00e1no v souladu s hlavn\u00edmi n\u00e1rodn\u00edmi a mezin\u00e1rodn\u00edmi p\u0159edpisy o ochran\u011b \u00fadaj\u016f, v\u010detn\u011b:<\/p>\n<ul>\n<li class=\"map_gdpr_text\">Na\u0159\u00edzen\u00ed (EU) 2016\/679 (GDPR)<\/li>\n\n\n\n\n\n\n\n\n\n\n\n\n\n\n\n\n\n\n\n\n\n\n\n\n<li>Dal\u0161\u00ed p\u0159edpisy, kter\u00e9 mohou b\u00fdt pou\u017eiteln\u00e9.<\/li>\n<\/ul>\n\n\n\n<p><strong>2. Kdo spravuje va\u0161e \u00fadaje a jak n\u00e1s m\u016f\u017eete kontaktovat?<\/strong><br> Va\u0161e osobn\u00ed \u00fadaje zpracov\u00e1v\u00e1:<br> <span class=\"map_identity_name\">Ski Residence Di Anna Toffol E C. Sas<br><\/span> <span class=\"map_identity_address\">Via Giovanni e Vittore Toffol, 13<br><\/span> <span class=\"map_identity_email\">info@skiresidence.it<br><\/span> <span class=\"map_identity_vat_id\">DI\u010c: 01426910228<\/span><\/p>\n\n\n\n<p class=\"map_dpo_text_unset\">Pro jak\u00e9koli informace t\u00fdkaj\u00edc\u00ed se zpracov\u00e1n\u00ed osobn\u00edch \u00fadaj\u016f nebo pro uplatn\u011bn\u00ed va\u0161ich pr\u00e1v podle z\u00e1kona mohou subjekty \u00fadaj\u016f kontaktovat spr\u00e1vce.<\/p>\n\n\n\n<p><strong>3. Na jak\u00fdch pr\u00e1vn\u00edch z\u00e1kladech zpracov\u00e1v\u00e1me va\u0161e \u00fadaje?<\/strong><br> Zpracov\u00e1n\u00ed osobn\u00edch \u00fadaj\u016f shroma\u017e\u010fovan\u00fdch prost\u0159ednictv\u00edm tohoto webu (v\u010detn\u011b prost\u0159ednictv\u00edm cookies, podobn\u00fdch technologi\u00ed, kontaktn\u00edch formul\u00e1\u0159\u016f, sekc\u00ed s omezen\u00fdm p\u0159\u00edstupem, digit\u00e1ln\u00edch slu\u017eeb a transakc\u00ed, pokud je to relevantn\u00ed) je zalo\u017eeno na jednom nebo v\u00edce z n\u00e1sleduj\u00edc\u00edch pr\u00e1vn\u00edch z\u00e1klad\u016f:<\/p>\n<ol style=\"list-style-type: lower-alpha;\" type=\"A\">\n<li><strong>Poskytnut\u00ed slu\u017eby \/ p\u0159edsmluvn\u00ed opat\u0159en\u00ed<\/strong> vy\u017e\u00e1dan\u00e1 u\u017eivatelem prost\u0159ednictv\u00edm poskytnut\u00fdch kontaktn\u00edch formul\u00e1\u0159\u016f;<\/li>\n<li><strong>Spln\u011bn\u00ed pr\u00e1vn\u00edch, regula\u010dn\u00edch nebo statut\u00e1rn\u00edch povinnost\u00ed<\/strong>;<\/li>\n\n<\/ol>\n<p>Dal\u0161\u00ed pr\u00e1vn\u00ed z\u00e1klad, <strong>opr\u00e1vn\u011bn\u00fd z\u00e1jem spr\u00e1vce<\/strong>, m\u016f\u017ee b\u00fdt pou\u017eit pro specifick\u00e9 \u00fa\u010dely (nap\u0159. zaji\u0161t\u011bn\u00ed CS bezpe\u010dnosti, prevence podvod\u016f, ochrana pr\u00e1v spr\u00e1vce v soudn\u00edm \u0159\u00edzen\u00ed).<\/p>\n\n\n\n\n<p>Neposkytnut\u00ed souhlasu nebo jeho odvol\u00e1n\u00ed m\u016f\u017ee sn\u00ed\u017eit nebo omezit ur\u010dit\u00e9 funkce \u010di personalizovan\u00e9 slu\u017eby.<\/p>\n\n\n\n<p><strong>4. Jak\u00e9 \u00fadaje shroma\u017e\u010fujeme, kdy\u017e nav\u0161t\u00edv\u00edte web?<\/strong><br> P\u0159i prohl\u00ed\u017een\u00ed tohoto webu mohou b\u00fdt shroma\u017e\u010fov\u00e1ny n\u00e1sleduj\u00edc\u00ed \u00fadaje - tak\u00e9 prost\u0159ednictv\u00edm cookies a podobn\u00fdch technologi\u00ed, jako jsou pixel tagy, web beacony, local storage a ekvivalentn\u00ed technologie:<\/p>\n<ul>\n<li>\n<p><strong>Prohl\u00ed\u017eec\u00ed a technick\u00e9 \u00fadaje:<\/strong> informace jako IP adresa, identifik\u00e1tory za\u0159\u00edzen\u00ed, \u00fadaje o opera\u010dn\u00edm syst\u00e9mu a prohl\u00ed\u017ee\u010di, po\u017eadovan\u00e9 URL, \u010dasy p\u0159ipojen\u00ed, technick\u00e9 logy, technick\u00e9 preference, \u00fadaje o pou\u017e\u00edv\u00e1n\u00ed shroma\u017e\u010fovan\u00e9 prost\u0159ednictv\u00edm cookies a sledovac\u00edch technologi\u00ed (pixel tagy, web beacony, local storage a ekvivalentn\u00ed n\u00e1stroje).<\/p>\n<\/li>\n\n<li>\n<p><strong>\u00dadaje sd\u011blovan\u00e9 prost\u0159ednictv\u00edm soci\u00e1ln\u00edch integrac\u00ed a platforem t\u0159et\u00edch stran:<\/strong> \u00fadaje p\u0159en\u00e1\u0161en\u00e9 prost\u0159ednictv\u00edm soci\u00e1ln\u00edch funkc\u00ed (p\u0159ihl\u00e1\u0161en\u00ed, pluginy, sd\u00edlen\u00ed apod.), zpracov\u00e1van\u00e9 v souladu s pravidly p\u0159\u00edslu\u0161n\u00fdch platforem a t\u00edmto ozn\u00e1men\u00edm.<\/p>\n<\/li>\n\n\n\n\n\n<\/ul>\n\n\n\n<p><strong>5. Jak va\u0161e \u00fadaje zpracov\u00e1v\u00e1me, jak je chr\u00e1n\u00edme a jak dlouho je uchov\u00e1v\u00e1me?<\/strong><br> Osobn\u00ed \u00fadaje shrom\u00e1\u017ed\u011bn\u00e9 prost\u0159ednictv\u00edm tohoto webu jsou zpracov\u00e1v\u00e1ny zejm\u00e9na elektronick\u00fdmi a digit\u00e1ln\u00edmi prost\u0159edky v souladu se z\u00e1sadami z\u00e1konnosti, korektnosti, minimalizace \u00fadaj\u016f, integrity a d\u016fv\u011brnosti.<\/p>\n\n\n<p>\u00dadaje jsou uchov\u00e1v\u00e1ny podle n\u00e1sleduj\u00edc\u00edch lh\u016ft:<\/p>\n<ul>\n<li><strong>P\u0159ednostn\u00ed cookies a souhlasy:<\/strong> uchov\u00e1vaj\u00ed se po dobu 180 dn\u016f, podle Z\u00e1sad cookies na tomto webu.<\/li>\n<li><strong>Prohl\u00ed\u017eec\u00ed a technick\u00e9 \u00fadaje:<\/strong> uchov\u00e1vaj\u00ed se pouze po dobu nezbytnou k zaji\u0161t\u011bn\u00ed bezpe\u010dnosti, integrity a funk\u010dnosti webu a pot\u00e9 jsou anonymizov\u00e1ny nebo agregov\u00e1ny.<\/li>\n<li><strong>\u00dadaje shrom\u00e1\u017ed\u011bn\u00e9 pro smluvn\u00ed a transak\u010dn\u00ed \u00fa\u010dely:<\/strong> uchov\u00e1vaj\u00ed se po dobu vy\u017eadovanou pou\u017eiteln\u00fdmi pr\u00e1vn\u00edmi p\u0159edpisy (nap\u0159. da\u0148ov\u00fdmi nebo \u00fa\u010detn\u00edmi).<\/li>\n<li><strong>\u00dadaje zpracov\u00e1van\u00e9 pro marketingov\u00e9 \u00fa\u010dely:<\/strong> uchov\u00e1vaj\u00ed se do odvol\u00e1n\u00ed souhlasu nebo do pod\u00e1n\u00ed \u017e\u00e1dosti o v\u00fdmaz.<\/li>\n<li><strong>\u00dadaje zadan\u00e9 prost\u0159ednictv\u00edm formul\u00e1\u0159\u016f nebo konkr\u00e9tn\u00edch \u017e\u00e1dost\u00ed:<\/strong> uchov\u00e1vaj\u00ed se po dobu nezbytnou k odpov\u011bdi nebo spln\u011bn\u00ed souvisej\u00edc\u00edho \u00fa\u010delu.<\/li>\n\n<\/ul>\n\n\n\n<p><strong>6. Kdo m\u016f\u017ee obdr\u017eet va\u0161e \u00fadaje?<\/strong><br> K osobn\u00edm \u00fadaj\u016fm shrom\u00e1\u017ed\u011bn\u00fdm prost\u0159ednictv\u00edm tohoto webu m\u016f\u017eete m\u00edt, v mez\u00edch sv\u00fdch odpov\u011bdnost\u00ed a \u00fa\u010del\u016f, p\u0159\u00edstup:<\/p>\n<ul>\n<li><strong>Intern\u00ed osoby autorizovan\u00e9<\/strong> spr\u00e1vcem, \u0159\u00e1dn\u011b pro\u0161kolen\u00e9 v oblasti ochrany soukrom\u00ed a bezpe\u010dnosti;<\/li>\n<li><strong>Dodavatel\u00e9 a t\u0159et\u00ed strany ur\u010den\u00e9 jako zpracovatel\u00e9<\/strong> (nap\u0159.: technick\u00e9 slu\u017eby, CS spole\u010dnosti, spole\u010dnosti z\u00e1kaznick\u00e9 podpory, konzultanti, poskytovatel\u00e9 platebn\u00edch slu\u017eeb a logisti\u010dt\u00ed poskytovatel\u00e9, pokud je to relevantn\u00ed);<\/li>\n<li><strong>Obchodn\u00ed partne\u0159i, t\u0159et\u00ed strany a p\u0159idru\u017een\u00e9 subjekty<\/strong>, v\u00fdhradn\u011b pro propaga\u010dn\u00ed\/marketingov\u00e9 \u00fa\u010dely, pokud jste ud\u011blali konkr\u00e9tn\u00ed souhlas nebo uplatnili opt-out, kde je to mo\u017en\u00e9;<\/li>\n<li><strong>Poskytovatel\u00e9 plugin\u016f, soci\u00e1ln\u00edch s\u00edt\u00ed a slu\u017eeb pro interakci s extern\u00edmi platformami<\/strong>, kte\u0159\u00ed mohou zpracov\u00e1vat osobn\u00ed \u00fadaje podle vlastn\u00ed logiky jako samostatn\u00ed spr\u00e1vci (v takov\u00e9m p\u0159\u00edpad\u011b se pros\u00edm seznamte tak\u00e9 s jednotliv\u00fdmi ozn\u00e1men\u00edmi o ochran\u011b osobn\u00edch \u00fadaj\u016f t\u011bchto t\u0159et\u00edch stran);<\/li>\n<li><strong>P\u0159\u00edslu\u0161n\u00e9 ve\u0159ejn\u00e9 org\u00e1ny<\/strong> a dozorov\u00e9 subjekty, v mez\u00edch stanoven\u00fdch z\u00e1konem nebo pro vy\u0159\u00edzen\u00ed po\u017eadavk\u016f soudn\u00edch org\u00e1n\u016f;<\/li>\n<\/ul>\n<p>Aktu\u00e1ln\u00ed seznam extern\u00edch p\u0159\u00edjemc\u016f lze poskytnout na vy\u017e\u00e1d\u00e1n\u00ed prost\u0159ednictv\u00edm kontakt\u016f spr\u00e1vce.<\/p>\n\n\n\n<p><strong>7. Kam mohou b\u00fdt va\u0161e \u00fadaje p\u0159ed\u00e1v\u00e1ny?<\/strong><br> Osobn\u00ed \u00fadaje shrom\u00e1\u017ed\u011bn\u00e9 prost\u0159ednictv\u00edm tohoto webu mohou b\u00fdt zpracov\u00e1v\u00e1ny a p\u0159ed\u00e1v\u00e1ny - pro uveden\u00e9 \u00fa\u010dely - do n\u00e1sleduj\u00edc\u00edch zem\u00ed:<\/p>\n<ul>\n<li>do zem\u00ed Evropsk\u00e9ho hospod\u00e1\u0159sk\u00e9ho prostoru (EHP), do \u0160v\u00fdcarska nebo do jin\u00fdch zem\u00ed, kter\u00e9 jsou p\u0159\u00edslu\u0161n\u00fdmi org\u00e1ny uzn\u00e1ny jako poskytuj\u00edc\u00ed \u201eodpov\u00eddaj\u00edc\u00ed\u201c \u00farove\u0148 ochrany po\u017eadovanou z\u00e1konem;<\/li>\n\n<\/ul>\n\n\n<p><strong>Aktu\u00e1ln\u00ed seznam \u201eodpov\u00eddaj\u00edc\u00edch\u201c zem\u00ed<\/strong>:<\/p>\n<ul>\n<li><a href=\"https:\/\/ec.europa.eu\/info\/law\/law-topic\/data-protection\/international-dimension-data-protection\/adequacy-decisions_en\">EU<\/a><\/li>\n<li><a href=\"https:\/\/www.edoeb.admin.ch\/en\/adequacy\">\u0160v\u00fdcarsko<\/a><\/li>\n<\/ul>\n<p> <\/p>\n<p><strong>8. Jak\u00e1 jsou va\u0161e pr\u00e1va ve vztahu ke shrom\u00e1\u017ed\u011bn\u00fdm \u00fadaj\u016fm?<\/strong><br> U\u017eivatel m\u00e1 v z\u00e1vislosti na pou\u017eiteln\u00e9m pr\u00e1vu:<\/p>\n<ul>\n<li>Z\u00edskat potvrzen\u00ed, zda jsou osobn\u00ed \u00fadaje, kter\u00e9 se ho t\u00fdkaj\u00ed, zpracov\u00e1v\u00e1ny, a pokud ano, p\u0159\u00edstup k t\u011bmto \u00fadaj\u016fm a souvisej\u00edc\u00edm informac\u00edm (pr\u00e1vo na p\u0159\u00edstup).<\/li>\n<li>Po\u017eadovat opravu, aktualizaci nebo v\u00fdmaz nep\u0159esn\u00fdch \u00fadaj\u016f, kter\u00e9 ji\u017e nejsou nezbytn\u00e9 (pr\u00e1vo na opravu a v\u00fdmaz).<\/li>\n<li>Po\u017eadovat omezen\u00ed zpracov\u00e1n\u00ed nebo vzn\u00e9st n\u00e1mitku proti zpracov\u00e1n\u00ed \u00fadaj\u016f, v\u010detn\u011b pro propaga\u010dn\u00ed\/profilovac\u00ed \u00fa\u010dely, je-li to stanoveno.<\/li>\n<li>Po\u017eadovat p\u0159enositelnost \u00fadaj\u016f ve strukturovan\u00e9m a interoperabiln\u00edm form\u00e1tu (je-li to technicky provediteln\u00e9).<\/li>\n<li class=\"map_any_gdpr_like_text\">Odvolat souhlas ud\u011blen\u00fd pro pou\u017e\u00edv\u00e1n\u00ed netechnick\u00fdch cookies a pro zpracov\u00e1n\u00ed \u00fadaj\u016f shrom\u00e1\u017ed\u011bn\u00fdch prost\u0159ednictv\u00edm sledovac\u00edch n\u00e1stroj\u016f.<\/li>\n\n<li>Nahl\u00e1sit jak\u00e9koli nesrovnalosti nebo zneu\u017eit\u00ed p\u0159\u00edslu\u0161n\u00fdm dozorov\u00fdm org\u00e1n\u016fm.<\/li>\n<\/ul>\n\n\n\n<p>Pro uplatn\u011bn\u00ed t\u011bchto pr\u00e1v sta\u010d\u00ed zaslat \u017e\u00e1dost na kontaktn\u00ed \u00fadaje spr\u00e1vce, kter\u00fd odpov\u00ed ve lh\u016ft\u00e1ch stanoven\u00fdch p\u0159\u00edslu\u0161nou m\u00edstn\u00ed pr\u00e1vn\u00ed \u00fapravou.<\/p>\n<p> <\/p>\n<p><strong>9. Jak jsou zpracov\u00e1v\u00e1ny \u00fadaje nezletil\u00fdch?<\/strong><br> Ochrana nezletil\u00fdch je z\u00e1kladn\u00ed prioritou.<\/p>\n\n<p class=\"map_using_minors_data_off\">Slu\u017eby a obsah tohoto webu nejsou ur\u010deny osob\u00e1m mlad\u0161\u00edm 18 let.<\/p>\n<p class=\"map_using_minors_data_off\">Nev\u011bdomky neshroma\u017e\u010fujeme osobn\u00ed \u00fadaje nezletil\u00fdch bez ov\u011b\u0159iteln\u00e9ho souhlasu rodi\u010de nebo z\u00e1konn\u00e9ho z\u00e1stupce.<\/p>\n<p class=\"map_using_minors_data_off\">Pokud se rodi\u010d nebo opatrovn\u00edk domn\u00edv\u00e1, \u017ee nezletil\u00fd poskytl osobn\u00ed \u00fadaje bez opr\u00e1vn\u011bn\u00ed, m\u016f\u017ee po\u017e\u00e1dat o jejich odstran\u011bn\u00ed, aktualizaci nebo omezen\u00ed zpracov\u00e1n\u00ed t\u00edm, \u017ee nap\u00ed\u0161e na kontakty uveden\u00e9 v tomto ozn\u00e1men\u00ed.<\/p>\n<p> <\/p>\n<p><strong>10. Jak podat ozn\u00e1men\u00ed nebo st\u00ed\u017enost org\u00e1n\u016fm?<\/strong><br> Pokud se domn\u00edv\u00e1te, \u017ee zpracov\u00e1n\u00ed va\u0161ich osobn\u00edch \u00fadaj\u016f prost\u0159ednictv\u00edm tohoto webu nen\u00ed v souladu s pou\u017eiteln\u00fdm pr\u00e1vem, m\u016f\u017eete bezplatn\u011b podat st\u00ed\u017enost u p\u0159\u00edslu\u0161n\u00fdch dozorov\u00fdch org\u00e1n\u016f, v\u010detn\u011b:<\/p>\n<ul>\n<li>\u00da\u0159adu pro ochranu osobn\u00edch \u00fadaj\u016f ve va\u0161\u00ed zemi ob\u010danstv\u00ed nebo pobytu;<\/li>\n\n<li><a href=\"https:\/\/edps.europa.eu\/data-protection\/our-role-supervisor\/complaints_en\">Evropsk\u00fd inspektor ochrany \u00fadaj\u016f (EDPS)<\/a><\/li>\n\n\n\n\n\n\n\n\n\n\n\n\n\n\n\n\n\n\n\n<\/ul>\n<p> <\/p>\n<p><strong>Jak v\u00e1s budeme informovat o zm\u011bn\u00e1ch tohoto ozn\u00e1men\u00ed?<\/strong><br> Toto ozn\u00e1men\u00ed je pravideln\u011b p\u0159ezkoum\u00e1v\u00e1no z d\u016fvodu aktualizac\u00ed pr\u00e1vn\u00edch p\u0159edpis\u016f nebo zm\u011bn slu\u017eeb nab\u00edzen\u00fdch prost\u0159ednictv\u00edm webu. Jak\u00e1koli v\u00fdznamn\u00e1 zm\u011bna bude zve\u0159ejn\u011bna na t\u00e9to str\u00e1nce.<br> <span class=\"map_last_policy_revision_date\">Posledn\u00ed revize: 01\/09\/2025<\/span><\/p>\n\n<!--googleon: all--><\/p>\n\t\t\t\t\t\t\t\t<\/div>\n\t\t\t\t\t<\/div>\n\t\t\t\t<\/div>\n\t\t\t\t<\/div>","protected":false},"excerpt":{"rendered":"","protected":false},"author":1,"featured_media":0,"parent":0,"menu_order":0,"comment_status":"closed","ping_status":"closed","template":"","meta":{"_eb_attr":"","footnotes":""},"class_list":["post-967","page","type-page","status-publish","hentry"],"yoast_head":"<!-- This site is optimized with the Yoast SEO plugin v27.4 - https:\/\/yoast.com\/product\/yoast-seo-wordpress\/ -->\n<title>Privacy policy - Ski Residence<\/title>\n<meta name=\"robots\" content=\"index, follow, max-snippet:-1, max-image-preview:large, max-video-preview:-1\" \/>\n<link rel=\"canonical\" href=\"https:\/\/skiresidence.it\/cs\/zasady-ochrany-osobnich-udaju\/\" \/>\n<meta property=\"og:locale\" content=\"cs_CZ\" \/>\n<meta property=\"og:type\" content=\"article\" \/>\n<meta property=\"og:title\" content=\"Privacy policy - Ski Residence\" \/>\n<meta property=\"og:url\" content=\"https:\/\/skiresidence.it\/cs\/zasady-ochrany-osobnich-udaju\/\" \/>\n<meta property=\"og:site_name\" content=\"Ski Residence\" \/>\n<meta property=\"article:publisher\" content=\"https:\/\/www.facebook.com\/www.skiresidence.it\" \/>\n<meta property=\"article:modified_time\" content=\"2025-09-03T09:04:40+00:00\" \/>\n<meta name=\"twitter:card\" content=\"summary_large_image\" \/>\n<meta name=\"twitter:label1\" content=\"Odhadovan\u00e1 doba \u010dten\u00ed\" \/>\n\t<meta name=\"twitter:data1\" content=\"1 minuta\" \/>\n<script type=\"application\/ld+json\" class=\"yoast-schema-graph\">{\"@context\":\"https:\\\/\\\/schema.org\",\"@graph\":[{\"@type\":\"WebPage\",\"@id\":\"https:\\\/\\\/skiresidence.it\\\/privacy-policy\\\/\",\"url\":\"https:\\\/\\\/skiresidence.it\\\/privacy-policy\\\/\",\"name\":\"Privacy policy - Ski Residence\",\"isPartOf\":{\"@id\":\"https:\\\/\\\/skiresidence.it\\\/#website\"},\"datePublished\":\"2025-09-01T11:01:10+00:00\",\"dateModified\":\"2025-09-03T09:04:40+00:00\",\"breadcrumb\":{\"@id\":\"https:\\\/\\\/skiresidence.it\\\/privacy-policy\\\/#breadcrumb\"},\"inLanguage\":\"cs\",\"potentialAction\":[{\"@type\":\"ReadAction\",\"target\":[\"https:\\\/\\\/skiresidence.it\\\/privacy-policy\\\/\"]}]},{\"@type\":\"BreadcrumbList\",\"@id\":\"https:\\\/\\\/skiresidence.it\\\/privacy-policy\\\/#breadcrumb\",\"itemListElement\":[{\"@type\":\"ListItem\",\"position\":1,\"name\":\"Home\",\"item\":\"https:\\\/\\\/skiresidence.it\\\/\"},{\"@type\":\"ListItem\",\"position\":2,\"name\":\"Privacy policy\"}]},{\"@type\":\"WebSite\",\"@id\":\"https:\\\/\\\/skiresidence.it\\\/#website\",\"url\":\"https:\\\/\\\/skiresidence.it\\\/\",\"name\":\"Ski Residence\",\"description\":\"Dove la montagna \u00e8 casa\",\"publisher\":{\"@id\":\"https:\\\/\\\/skiresidence.it\\\/#organization\"},\"potentialAction\":[{\"@type\":\"SearchAction\",\"target\":{\"@type\":\"EntryPoint\",\"urlTemplate\":\"https:\\\/\\\/skiresidence.it\\\/?s={search_term_string}\"},\"query-input\":{\"@type\":\"PropertyValueSpecification\",\"valueRequired\":true,\"valueName\":\"search_term_string\"}}],\"inLanguage\":\"cs\"},{\"@type\":\"Organization\",\"@id\":\"https:\\\/\\\/skiresidence.it\\\/#organization\",\"name\":\"Ski Residence\",\"url\":\"https:\\\/\\\/skiresidence.it\\\/\",\"logo\":{\"@type\":\"ImageObject\",\"inLanguage\":\"cs\",\"@id\":\"https:\\\/\\\/skiresidence.it\\\/#\\\/schema\\\/logo\\\/image\\\/\",\"url\":\"https:\\\/\\\/skiresidence.it\\\/wp-content\\\/uploads\\\/2025\\\/08\\\/logo-colore.png\",\"contentUrl\":\"https:\\\/\\\/skiresidence.it\\\/wp-content\\\/uploads\\\/2025\\\/08\\\/logo-colore.png\",\"width\":629,\"height\":263,\"caption\":\"Ski Residence\"},\"image\":{\"@id\":\"https:\\\/\\\/skiresidence.it\\\/#\\\/schema\\\/logo\\\/image\\\/\"},\"sameAs\":[\"https:\\\/\\\/www.facebook.com\\\/www.skiresidence.it\",\"https:\\\/\\\/www.instagram.com\\\/skiresidence\\\/\"]}]}<\/script>\n<!-- \/ Yoast SEO plugin. -->","yoast_head_json":{"title":"Z\u00e1sady ochrany osobn\u00edch \u00fadaj\u016f - Ski Residence","robots":{"index":"index","follow":"follow","max-snippet":"max-snippet:-1","max-image-preview":"max-image-preview:large","max-video-preview":"max-video-preview:-1"},"canonical":"https:\/\/skiresidence.it\/cs\/zasady-ochrany-osobnich-udaju\/","og_locale":"cs_CZ","og_type":"article","og_title":"Privacy policy - Ski Residence","og_url":"https:\/\/skiresidence.it\/cs\/zasady-ochrany-osobnich-udaju\/","og_site_name":"Ski Residence","article_publisher":"https:\/\/www.facebook.com\/www.skiresidence.it","article_modified_time":"2025-09-03T09:04:40+00:00","twitter_card":"summary_large_image","twitter_misc":{"Odhadovan\u00e1 doba \u010dten\u00ed":"1 minuta"},"schema":{"@context":"https:\/\/schema.org","@graph":[{"@type":"WebPage","@id":"https:\/\/skiresidence.it\/privacy-policy\/","url":"https:\/\/skiresidence.it\/privacy-policy\/","name":"Z\u00e1sady ochrany osobn\u00edch \u00fadaj\u016f - Ski Residence","isPartOf":{"@id":"https:\/\/skiresidence.it\/#website"},"datePublished":"2025-09-01T11:01:10+00:00","dateModified":"2025-09-03T09:04:40+00:00","breadcrumb":{"@id":"https:\/\/skiresidence.it\/privacy-policy\/#breadcrumb"},"inLanguage":"cs","potentialAction":[{"@type":"ReadAction","target":["https:\/\/skiresidence.it\/privacy-policy\/"]}]},{"@type":"BreadcrumbList","@id":"https:\/\/skiresidence.it\/privacy-policy\/#breadcrumb","itemListElement":[{"@type":"ListItem","position":1,"name":"Home","item":"https:\/\/skiresidence.it\/"},{"@type":"ListItem","position":2,"name":"Privacy policy"}]},{"@type":"WebSite","@id":"https:\/\/skiresidence.it\/#website","url":"https:\/\/skiresidence.it\/","name":"Ly\u017ea\u0159sk\u00e1 rezidence","description":"Kde jsou hory domovem","publisher":{"@id":"https:\/\/skiresidence.it\/#organization"},"potentialAction":[{"@type":"SearchAction","target":{"@type":"EntryPoint","urlTemplate":"https:\/\/skiresidence.it\/?s={search_term_string}"},"query-input":{"@type":"PropertyValueSpecification","valueRequired":true,"valueName":"search_term_string"}}],"inLanguage":"cs"},{"@type":"Organization","@id":"https:\/\/skiresidence.it\/#organization","name":"Ly\u017ea\u0159sk\u00e1 rezidence","url":"https:\/\/skiresidence.it\/","logo":{"@type":"ImageObject","inLanguage":"cs","@id":"https:\/\/skiresidence.it\/#\/schema\/logo\/image\/","url":"https:\/\/skiresidence.it\/wp-content\/uploads\/2025\/08\/logo-colore.png","contentUrl":"https:\/\/skiresidence.it\/wp-content\/uploads\/2025\/08\/logo-colore.png","width":629,"height":263,"caption":"Ski Residence"},"image":{"@id":"https:\/\/skiresidence.it\/#\/schema\/logo\/image\/"},"sameAs":["https:\/\/www.facebook.com\/www.skiresidence.it","https:\/\/www.instagram.com\/skiresidence\/"]}]}},"_links":{"self":[{"href":"https:\/\/skiresidence.it\/cs\/wp-json\/wp\/v2\/pages\/967","targetHints":{"allow":["GET"]}}],"collection":[{"href":"https:\/\/skiresidence.it\/cs\/wp-json\/wp\/v2\/pages"}],"about":[{"href":"https:\/\/skiresidence.it\/cs\/wp-json\/wp\/v2\/types\/page"}],"author":[{"embeddable":true,"href":"https:\/\/skiresidence.it\/cs\/wp-json\/wp\/v2\/users\/1"}],"replies":[{"embeddable":true,"href":"https:\/\/skiresidence.it\/cs\/wp-json\/wp\/v2\/comments?post=967"}],"version-history":[{"count":5,"href":"https:\/\/skiresidence.it\/cs\/wp-json\/wp\/v2\/pages\/967\/revisions"}],"predecessor-version":[{"id":1032,"href":"https:\/\/skiresidence.it\/cs\/wp-json\/wp\/v2\/pages\/967\/revisions\/1032"}],"wp:attachment":[{"href":"https:\/\/skiresidence.it\/cs\/wp-json\/wp\/v2\/media?parent=967"}],"curies":[{"name":"wp","href":"https:\/\/api.w.org\/{rel}","templated":true}]}}